{"id":34,"date":"2023-03-01T01:54:55","date_gmt":"2023-03-01T01:54:55","guid":{"rendered":"https:\/\/staging.planxpert.ca\/cluboptimiste-sept-ilesorg\/?page_id=34"},"modified":"2025-07-27T16:31:34","modified_gmt":"2025-07-27T16:31:34","slug":"34-2","status":"publish","type":"page","link":"https:\/\/cluboptimiste-sept-iles.org\/index.php\/34-2\/","title":{"rendered":"\u00c0 propos"},"content":{"rendered":"<p>[et_pb_section fb_built=\u00a0\u00bb1&Prime; _builder_version=\u00a0\u00bb4.20.0&Prime; _module_preset=\u00a0\u00bbdefault\u00a0\u00bb background_image=\u00a0\u00bbhttps:\/\/cluboptimiste-sept-iles.org\/wp-content\/uploads\/2023\/03\/nonprofitorganization_01.jpg\u00a0\u00bb global_colors_info=\u00a0\u00bb{}\u00a0\u00bb][et_pb_row _builder_version=\u00a0\u00bb4.20.0&Prime; _module_preset=\u00a0\u00bbdefault\u00a0\u00bb global_colors_info=\u00a0\u00bb{}\u00a0\u00bb][et_pb_column type=\u00a0\u00bb4_4&Prime; _builder_version=\u00a0\u00bb4.20.0&Prime; _module_preset=\u00a0\u00bbdefault\u00a0\u00bb global_colors_info=\u00a0\u00bb{}\u00a0\u00bb][et_pb_text _builder_version=\u00a0\u00bb4.20.0&Prime; _module_preset=\u00a0\u00bbdefault\u00a0\u00bb animation_style=\u00a0\u00bbslide\u00a0\u00bb global_colors_info=\u00a0\u00bb{}\u00a0\u00bb]<\/p>\n<h1 style=\"text-align: center;\"><span style=\"color: #ff9900;\"><strong>\u00c0 propos de nous<\/strong><\/span><\/h1>\n<p>[\/et_pb_text][\/et_pb_column][\/et_pb_row][et_pb_row column_structure=\u00a0\u00bb1_2,1_2&Prime; admin_label=\u00a0\u00bbLigne\u00a0\u00bb _builder_version=\u00a0\u00bb4.20.0&Prime; _module_preset=\u00a0\u00bbdefault\u00a0\u00bb global_colors_info=\u00a0\u00bb{}\u00a0\u00bb][et_pb_column type=\u00a0\u00bb1_2&Prime; _builder_version=\u00a0\u00bb4.20.0&Prime; _module_preset=\u00a0\u00bbdefault\u00a0\u00bb global_colors_info=\u00a0\u00bb{}\u00a0\u00bb][et_pb_toggle title=\u00a0\u00bbNotre mission\u00a0\u00bb open_toggle_text_color=\u00a0\u00bb#EDF000&Prime; closed_toggle_text_color=\u00a0\u00bb#EDF000&Prime; _builder_version=\u00a0\u00bb4.20.0&Prime; _module_preset=\u00a0\u00bbdefault\u00a0\u00bb title_text_color=\u00a0\u00bb#EDF000&Prime; title_font=\u00a0\u00bb|700|||||||\u00a0\u00bb closed_title_font=\u00a0\u00bb|700|||||||\u00a0\u00bb background_color=\u00a0\u00bbrgba(12,113,195,0.57)\u00a0\u00bb border_color_all=\u00a0\u00bb#0C71C3&Prime; global_colors_info=\u00a0\u00bb{}\u00a0\u00bb]<\/p>\n<p><span style=\"color: #ffffff;\">Contribuer au d\u00e9veloppement, \u00e0 la promotion et au mieux-\u00eatre des jeunes de notre communaut\u00e9 en organisant ou appuyant diverses activit\u00e9s cr\u00e9dibles, en priorit\u00e9 pour les 18 ans et moins, dans des secteurs vari\u00e9s tout en misant sur la participation active des membres dans un climat de respect, d&rsquo;entraide et de fraternit\u00e9.<\/span><\/p>\n<p><span style=\"color: #ffffff;\">Les buts sont de d\u00e9velopper l&rsquo;Optimiste comme philosophie de vie en s&rsquo;inspirant des principes du credo Optimiste, encourager la participation active \u00e0 la chose publique, inspirer le respect de la loi, promouvoir le patriotisme et travailler \u00e0 l&rsquo;harmonie internationale et \u00e0 l&rsquo;amiti\u00e9 entre les peuples, aider la jeunesse et favoriser son \u00e9panouissement, convaincu que de servir son prochain de fa\u00e7on d\u00e9sint\u00e9ress\u00e9e contribue au mieux-\u00eatre de l&rsquo;\u00eatre humain, de sa collectivit\u00e9 et du monde tout entier.<\/span><\/p>\n<p>[\/et_pb_toggle][et_pb_toggle title=\u00a0\u00bbLe Credo Optimiste\u00a0\u00bb open_toggle_text_color=\u00a0\u00bb#EDF000&Prime; closed_toggle_text_color=\u00a0\u00bb#EDF000&Prime; _builder_version=\u00a0\u00bb4.20.0&Prime; _module_preset=\u00a0\u00bbdefault\u00a0\u00bb title_text_color=\u00a0\u00bb#EDF000&Prime; title_font=\u00a0\u00bb|700|||||||\u00a0\u00bb closed_title_font=\u00a0\u00bb|700|||||||\u00a0\u00bb background_color=\u00a0\u00bbrgba(12,113,195,0.57)\u00a0\u00bb border_color_all=\u00a0\u00bb#0C71C3&Prime; locked=\u00a0\u00bboff\u00a0\u00bb global_colors_info=\u00a0\u00bb{}\u00a0\u00bb]<\/p>\n<p style=\"text-align: center;\"><span style=\"color: #ffffff;\">Je promets&#8230;<\/span><\/p>\n<p style=\"text-align: center;\"><span style=\"color: #ffffff;\">D&rsquo;\u00eatre fort au point que rien ne puisse troubler ma s\u00e9r\u00e9nit\u00e9 d&rsquo;esprit;<\/span><\/p>\n<p style=\"text-align: center;\"><span style=\"color: #ffffff;\">De parler de sant\u00e9, de bonheur et de prosp\u00e9rit\u00e9 \u00e0 toute personne que je rencontrerai;<\/span><\/p>\n<p style=\"text-align: center;\"><span style=\"color: #ffffff;\">D&rsquo;inculquer \u00e0 mes amis la confiance en eux-m\u00eames;<\/span><\/p>\n<p style=\"text-align: center;\"><span style=\"color: #ffffff;\">De ne consid\u00e9rer que le bon c\u00f4t\u00e9 des choses en v\u00e9ritable Optimiste;<\/span><\/p>\n<p style=\"text-align: center;\"><span style=\"color: #ffffff;\">De ne songer qu&rsquo;au mieux, de ne travailler que pour le mieux et de n&rsquo;esp\u00e9rer que le mieux;<\/span><\/p>\n<p style=\"text-align: center;\"><span style=\"color: #ffffff;\">De manifester autant d&rsquo;enthousiasme pour les succ\u00e8s des autres que pour les miens;<\/span><\/p>\n<p style=\"text-align: center;\"><span style=\"color: #ffffff;\">D&rsquo;oublier les erreurs pass\u00e9es et de voir \u00e0 faire mieux \u00e0 l&rsquo;avenir;<\/span><\/p>\n<p style=\"text-align: center;\"><span style=\"color: #ffffff;\">D&rsquo;avoir toujours l&rsquo;air gai et de sourire \u00e0 toute personne que je rencontrerai;<\/span><\/p>\n<p style=\"text-align: center;\"><span style=\"color: #ffffff;\">De consacrer tant de temps \u00e0 m&rsquo;am\u00e9liorer moi-m\u00eame que je n&rsquo;aurai pas le temps de critiquer les autres;<\/span><\/p>\n<p style=\"text-align: center;\"><span style=\"color: #ffffff;\">D&rsquo;\u00eatre trop magnanime pour me tracasser, trop noble pour m&rsquo;irriter, trop fort pour craindre et trop heureux pour me laisser troubler<\/span><\/p>\n<p>[\/et_pb_toggle][\/et_pb_column][et_pb_column type=\u00a0\u00bb1_2&Prime; _builder_version=\u00a0\u00bb4.20.0&Prime; _module_preset=\u00a0\u00bbdefault\u00a0\u00bb global_colors_info=\u00a0\u00bb{}\u00a0\u00bb][et_pb_toggle title=\u00a0\u00bbCe que nous sommes\u00a0\u00bb open_toggle_text_color=\u00a0\u00bb#EDF000&Prime; closed_toggle_text_color=\u00a0\u00bb#EDF000&Prime; _builder_version=\u00a0\u00bb4.20.0&Prime; _module_preset=\u00a0\u00bbdefault\u00a0\u00bb title_font=\u00a0\u00bb|700|||||||\u00a0\u00bb closed_title_font=\u00a0\u00bb|700|||||||\u00a0\u00bb background_color=\u00a0\u00bbrgba(12,113,195,0.57)\u00a0\u00bb border_color_all=\u00a0\u00bb#0C71C3&Prime; locked=\u00a0\u00bboff\u00a0\u00bb global_colors_info=\u00a0\u00bb{}\u00a0\u00bb]<\/p>\n<p><span style=\"color: #ffffff;\"><strong>Chaque club Optimiste a \u00e9t\u00e9 form\u00e9 par des gens qui d\u00e9siraient aider la jeunesse et la collectivit\u00e9.\u00a0 Des gens comme vous et moi.\u00a0 Les membres de clubs optimistes demeurent habituellement dans la collectivit\u00e9 ou y travaillent.\u00a0 Les membres ont joint leurs efforts pour servir les autres et promouvoir l&rsquo;Optimiste comme mode de vie.<\/strong><\/span><\/p>\n<p><span style=\"color: #ffffff;\"><strong>Chaque club Optimiste est affili\u00e9 en tant que membre d&rsquo;Optimist International.\u00a0 Ceci leur donne le droit d&rsquo;utiliser le nom Optimist.\u00a0 Optimist International fournit des services et des programmes \u00e0 chaque club.<\/strong><\/span><\/p>\n<p><span style=\"color: #ffffff;\"><strong>Chaque club Optimiste fonctionne de fa\u00e7on autonome.\u00a0 Ce qui signifie qu&rsquo;ils fonctionnent ind\u00e9pendamment des autres clubs.\u00a0 Ils choisissent leurs propres activit\u00e9s, ils \u00e9lisent leurs propres officiers et amassent leurs propres fonds.<\/strong><\/span><\/p>\n<p><span style=\"color: #ffffff;\"><strong>Les activit\u00e9s de service d&rsquo;un club sont bas\u00e9es selon les besoins de la collectivit\u00e9.\u00a0 Ce qu&rsquo;un club peut faire n&rsquo;est limit\u00e9 seulement que par l&rsquo;imagination et les ressources des membres.<\/strong><\/span><\/p>\n<p><span style=\"color: #ffffff;\"><strong>Les clubs Optimistes partagent certaines ressemblances.\u00a0 Ils offrent aux membres, peu importe o\u00f9 ils se trouvent, l&rsquo;assurance que s&rsquo;ils d\u00e9cident d&rsquo;assister \u00e0 une r\u00e9union d&rsquo;un club Optimiste, certains \u00e9l\u00e9ments seront les m\u00eames.<\/strong><\/span><\/p>\n<p><span style=\"color: #ffffff;\"><strong>Les programmes et les conf\u00e9renciers invit\u00e9s offrent aux membres l&rsquo;occasion d&rsquo;apprendre, de cro\u00eetre et de s&rsquo;am\u00e9liorer.\u00a0 Le programme pr\u00e9sente la jeunesse de la collectivit\u00e9 comme dans les Concours d&rsquo;essai litt\u00e9raire et d&rsquo;art oratoire ou dans la Semaine de l&rsquo;appr\u00e9ciation de la jeunesse.\u00a0 Ces r\u00e9unions aident le renforcement de notre engagement et nous permettent d&rsquo;\u00eatre fiers de nos r\u00e9alisations.<\/strong><\/span><\/p>\n<p><span style=\"color: #ffffff;\"><strong>Les programmes mettent en valeur la jeunesse au sein de la collectivit\u00e9, comme la Semaine d&rsquo;appr\u00e9ciation \u00e0 la jeunesse, Opti-Stars, Tournoi Fer-O et autres.\u00a0 Ces programmes contribuent au renforcement de notre engagement et nous permettent d&rsquo;\u00eatre fiers de nos r\u00e9alisations.<\/strong><\/span><\/p>\n<p>[\/et_pb_toggle][et_pb_toggle title=\u00a0\u00bbConseil d&rsquo;administration\u00a0\u00bb open_toggle_text_color=\u00a0\u00bb#EDF000&Prime; closed_toggle_text_color=\u00a0\u00bb#EDF000&Prime; _builder_version=\u00a0\u00bb4.27.4&Prime; _module_preset=\u00a0\u00bbdefault\u00a0\u00bb title_text_color=\u00a0\u00bb#EDF000&Prime; title_font=\u00a0\u00bb|700|||||||\u00a0\u00bb closed_title_font=\u00a0\u00bb|700|||||||\u00a0\u00bb background_color=\u00a0\u00bbrgba(12,113,195,0.57)\u00a0\u00bb hover_enabled=\u00a0\u00bb0&Prime; border_color_all=\u00a0\u00bb#0C71C3&Prime; locked=\u00a0\u00bboff\u00a0\u00bb global_colors_info=\u00a0\u00bb{}\u00a0\u00bb sticky_enabled=\u00a0\u00bb0&Prime;]<\/p>\n<p style=\"text-align: center;\"><span style=\"color: #ffffff;\"><strong>Karine Laperri\u00e8re<\/strong>, <em>Pr\u00e9sidente<\/em><\/span><br \/><span style=\"color: #ffffff;\"><strong>Jean-Christophe Harrisson<\/strong>, <em>Vice-Pr\u00e9sident<\/em><\/span><br \/><span style=\"color: #ffffff;\"><strong>Alexandra Smith<\/strong>, <em>Vice-Pr\u00e9sidente<\/em><\/span><br \/><span style=\"color: #ffffff;\"><strong>F\u00e9lix Tremblay<\/strong>, <em>Tr\u00e9sorier<\/em><\/span><br \/><span style=\"color: #ffffff;\"><strong>Nancy Bouchard<\/strong>, <em>Secr\u00e9taire<br \/><\/em><\/span><span style=\"color: #ffffff;\"><strong>M\u00e9lanie Rouxel<\/strong>, <em>Sergent d&rsquo;armes<\/em><\/span><\/p>\n<p>[\/et_pb_toggle][\/et_pb_column][\/et_pb_row][et_pb_row _builder_version=\u00a0\u00bb4.20.0&Prime; _module_preset=\u00a0\u00bbdefault\u00a0\u00bb global_colors_info=\u00a0\u00bb{}\u00a0\u00bb][et_pb_column type=\u00a0\u00bb4_4&Prime; _builder_version=\u00a0\u00bb4.20.0&Prime; _module_preset=\u00a0\u00bbdefault\u00a0\u00bb global_colors_info=\u00a0\u00bb{}\u00a0\u00bb][et_pb_image src=\u00a0\u00bbhttps:\/\/cluboptimiste-sept-iles.org\/wp-content\/uploads\/2025\/07\/Comite-2025.jpg\u00a0\u00bb title_text=\u00a0\u00bbComit\u00e9 2025&Prime; align=\u00a0\u00bbcenter\u00a0\u00bb _builder_version=\u00a0\u00bb4.27.4&Prime; _module_preset=\u00a0\u00bbdefault\u00a0\u00bb width=\u00a0\u00bb75%\u00a0\u00bb hover_enabled=\u00a0\u00bb0&Prime; global_colors_info=\u00a0\u00bb{}\u00a0\u00bb sticky_enabled=\u00a0\u00bb0&Prime;][\/et_pb_image][et_pb_text _builder_version=\u00a0\u00bb4.27.4&Prime; _module_preset=\u00a0\u00bbdefault\u00a0\u00bb text_text_color=\u00a0\u00bb#EDF000&Prime; hover_enabled=\u00a0\u00bb0&Prime; sticky_enabled=\u00a0\u00bb0&Prime;]<\/p>\n<p style=\"text-align: center;\"><span>De gauche \u00e0 droite : M\u00e9lanie Rouxel, sergent d\u2019armes, Jean Christophe Harrisson, vice-pr\u00e9sident, Karine Laperri\u00e8re, pr\u00e9sidente, Alexandra Smith, vice-pr\u00e9sidente, Nancy Bouchard, secr\u00e9taire et F\u00e9lix Tremblay, tr\u00e9sorier. <\/span><\/p>\n<p>[\/et_pb_text][\/et_pb_column][\/et_pb_row][et_pb_row _builder_version=\u00a0\u00bb4.20.0&Prime; _module_preset=\u00a0\u00bbdefault\u00a0\u00bb global_colors_info=\u00a0\u00bb{}\u00a0\u00bb][et_pb_column type=\u00a0\u00bb4_4&Prime; _builder_version=\u00a0\u00bb4.20.0&Prime; _module_preset=\u00a0\u00bbdefault\u00a0\u00bb global_colors_info=\u00a0\u00bb{}\u00a0\u00bb][et_pb_button button_url=\u00a0\u00bbhttps:\/\/cluboptimiste-sept-iles.org\/wp-content\/uploads\/2023\/03\/depliant.pdf\u00a0\u00bb button_text=\u00a0\u00bbD\u00e9pliant du Club Optimiste de Sept-\u00celes\u00a0\u00bb button_alignment=\u00a0\u00bbcenter\u00a0\u00bb _builder_version=\u00a0\u00bb4.20.0&Prime; _module_preset=\u00a0\u00bbdefault\u00a0\u00bb custom_button=\u00a0\u00bbon\u00a0\u00bb button_text_color=\u00a0\u00bb#EDF000&Prime; button_bg_color=\u00a0\u00bb#0C71C3&Prime; button_border_color=\u00a0\u00bbRGBA(255,255,255,0)\u00a0\u00bb button_border_radius=\u00a0\u00bb30px\u00a0\u00bb global_colors_info=\u00a0\u00bb{}\u00a0\u00bb][\/et_pb_button][\/et_pb_column][\/et_pb_row][et_pb_row _builder_version=\u00a0\u00bb4.20.0&Prime; _module_preset=\u00a0\u00bbdefault\u00a0\u00bb locked=\u00a0\u00bboff\u00a0\u00bb global_colors_info=\u00a0\u00bb{}\u00a0\u00bb][et_pb_column type=\u00a0\u00bb4_4&Prime; _builder_version=\u00a0\u00bb4.20.0&Prime; _module_preset=\u00a0\u00bbdefault\u00a0\u00bb global_colors_info=\u00a0\u00bb{}\u00a0\u00bb][et_pb_button button_url=\u00a0\u00bbhttps:\/\/cluboptimiste-sept-iles.org\/wp-content\/uploads\/2023\/03\/Brochure-Partenaires-OFC.pdf\u00a0\u00bb button_text=\u00a0\u00bbD\u00e9pliant de l&rsquo;Optimiste Francophone Canadien\u00a0\u00bb button_alignment=\u00a0\u00bbcenter\u00a0\u00bb _builder_version=\u00a0\u00bb4.20.0&Prime; _module_preset=\u00a0\u00bbdefault\u00a0\u00bb custom_button=\u00a0\u00bbon\u00a0\u00bb button_text_color=\u00a0\u00bb#EDF000&Prime; button_bg_color=\u00a0\u00bb#0C71C3&Prime; button_border_color=\u00a0\u00bbRGBA(255,255,255,0)\u00a0\u00bb button_border_radius=\u00a0\u00bb30px\u00a0\u00bb global_colors_info=\u00a0\u00bb{}\u00a0\u00bb][\/et_pb_button][\/et_pb_column][\/et_pb_row][\/et_pb_section]<\/p>\n","protected":false},"excerpt":{"rendered":"<p>\u00c0 propos de nousContribuer au d\u00e9veloppement, \u00e0 la promotion et au mieux-\u00eatre des jeunes de notre communaut\u00e9 en organisant ou appuyant diverses activit\u00e9s cr\u00e9dibles, en priorit\u00e9 pour les 18 ans et moins, dans des secteurs vari\u00e9s tout en misant sur la participation active des membres dans un climat de respect, d&rsquo;entraide et de fraternit\u00e9. Les [&hellip;]<\/p>\n","protected":false},"author":1,"featured_media":0,"parent":0,"menu_order":0,"comment_status":"closed","ping_status":"closed","template":"","meta":{"_et_pb_use_builder":"on","_et_pb_old_content":"","_et_gb_content_width":"","_monsterinsights_skip_tracking":false,"_monsterinsights_sitenote_active":false,"_monsterinsights_sitenote_note":"","_monsterinsights_sitenote_category":0,"footnotes":""},"class_list":["post-34","page","type-page","status-publish","hentry"],"_links":{"self":[{"href":"https:\/\/cluboptimiste-sept-iles.org\/index.php\/wp-json\/wp\/v2\/pages\/34","targetHints":{"allow":["GET"]}}],"collection":[{"href":"https:\/\/cluboptimiste-sept-iles.org\/index.php\/wp-json\/wp\/v2\/pages"}],"about":[{"href":"https:\/\/cluboptimiste-sept-iles.org\/index.php\/wp-json\/wp\/v2\/types\/page"}],"author":[{"embeddable":true,"href":"https:\/\/cluboptimiste-sept-iles.org\/index.php\/wp-json\/wp\/v2\/users\/1"}],"replies":[{"embeddable":true,"href":"https:\/\/cluboptimiste-sept-iles.org\/index.php\/wp-json\/wp\/v2\/comments?post=34"}],"version-history":[{"count":18,"href":"https:\/\/cluboptimiste-sept-iles.org\/index.php\/wp-json\/wp\/v2\/pages\/34\/revisions"}],"predecessor-version":[{"id":231,"href":"https:\/\/cluboptimiste-sept-iles.org\/index.php\/wp-json\/wp\/v2\/pages\/34\/revisions\/231"}],"wp:attachment":[{"href":"https:\/\/cluboptimiste-sept-iles.org\/index.php\/wp-json\/wp\/v2\/media?parent=34"}],"curies":[{"name":"wp","href":"https:\/\/api.w.org\/{rel}","templated":true}]}}